{"id":13510,"date":"2026-04-29T14:45:53","date_gmt":"2026-04-29T12:45:53","guid":{"rendered":"https:\/\/www.historischeskolleg.de\/?post_type=event_listing&#038;p=13510"},"modified":"2026-04-30T11:45:33","modified_gmt":"2026-04-30T09:45:33","slug":"workshop-muenchen-zentrum-historischer-forschung-collegium-carolinum-historisches-kolleg-historische-kommission-und-monumenta-germaniae-historica-im-21-jahrhundert","status":"publish","type":"event_listing","link":"https:\/\/www.historischeskolleg.de\/en\/event\/workshop-muenchen-zentrum-historischer-forschung-collegium-carolinum-historisches-kolleg-historische-kommission-und-monumenta-germaniae-historica-im-21-jahrhundert\/","title":{"rendered":"Workshop: M\u00fcnchen \u2013 Zentrum historischer Forschung. Collegium Carolinum, Historisches Kolleg, Historische Kommission und Monumenta Germaniae Historica im 21. Jahrhundert"},"content":{"rendered":"\n<p><strong>Workshop<\/strong><\/p>\n\n\n\n<p>M\u00fcnchen ist ein, wenn nicht sogar das Zentrum der historischen Forschung in Deutschland. Neben einer einzigartigen Archiv- und Bibliothekslandschaft tragen zahlreiche au\u00dferuniversit\u00e4re Forschungseinrichtungen zur Attraktivit\u00e4t der Isarmetropole f\u00fcr die gesamte Breite des Faches bei. Vier davon, das Collegium Carolinum, das Historische Kolleg, die Historische Kommission bei der Bayerischen Akademie der Wissenschaften und die Monumenta Germaniae Historica unterscheiden sich zwar inhaltlich, methodisch, epochal bzw. vom regionalen Fokus her. Gemeinsam ist ihnen jedoch, dass sie vor enormen Herausforderungen stehen, nicht zuletzt angesichts des rasanten technischen Wandels bzw. der weltweiten politischen Ver\u00e4nderungen. Der Workshop dient einer kritischen Bestandsaufnahme.<\/p>\n\n\n\n<p>Einlass ist ab 13.30 Uhr bis maximal zum Veranstaltungsbeginn. Die Zahl der Sitzpl\u00e4tze ist begrenzt. Der Zugang zum Haus ist <strong>nicht <\/strong>barrierefrei.<\/p>\n\n\n\n<figure class=\"wp-block-image size-full\"><img fetchpriority=\"high\" decoding=\"async\" width=\"724\" height=\"1024\" src=\"https:\/\/www.historischeskolleg.de\/app\/uploads\/2026\/04\/Workshop_Programm.jpg\" alt=\"\" class=\"wp-image-13513\" srcset=\"https:\/\/www.historischeskolleg.de\/app\/uploads\/2026\/04\/Workshop_Programm.jpg 724w, https:\/\/www.historischeskolleg.de\/app\/uploads\/2026\/04\/Workshop_Programm-212x300.jpg 212w\" sizes=\"(max-width: 724px) 100vw, 724px\" \/><\/figure>\n\n\n\n<p>Die Veranstaltungen werden mit Foto und Video dokumentiert. Mit Ihrer Teilnahme erkl\u00e4ren Sie sich mit der Aufzeichnung und deren Nutzung im Rahmen der \u00d6ffentlichkeitsarbeit des Historischen Kollegs einverstanden.<\/p>\n","protected":false},"featured_media":12483,"template":"","meta":[],"event_listing_category":[],"event_listing_type":[85],"class_list":["post-13510","event_listing","type-event_listing","status-publish","has-post-thumbnail","hentry","event_listing_type-workshop"],"acf":[],"yoast_head":"<!-- This site is optimized with the Yoast SEO plugin v27.3 - https:\/\/yoast.com\/product\/yoast-seo-wordpress\/ -->\n<title>Workshop: M\u00fcnchen \u2013 Zentrum historischer Forschung. Collegium Carolinum, Historisches Kolleg, Historische Kommission und Monumenta Germaniae Historica im 21. Jahrhundert - Historisches Kolleg Historisches Kolleg<\/title>\n<meta name=\"robots\" content=\"index, follow, max-snippet:-1, max-image-preview:large, max-video-preview:-1\" \/>\n<link rel=\"canonical\" href=\"https:\/\/www.historischeskolleg.de\/en\/event\/workshop-muenchen-zentrum-historischer-forschung-collegium-carolinum-historisches-kolleg-historische-kommission-und-monumenta-germaniae-historica-im-21-jahrhundert\/\" \/>\n<meta property=\"og:locale\" content=\"en_US\" \/>\n<meta property=\"og:type\" content=\"article\" \/>\n<meta property=\"og:title\" content=\"Workshop: M\u00fcnchen \u2013 Zentrum historischer Forschung. Collegium Carolinum, Historisches Kolleg, Historische Kommission und Monumenta Germaniae Historica im 21. Jahrhundert - Historisches Kolleg Historisches Kolleg\" \/>\n<meta property=\"og:url\" content=\"https:\/\/www.historischeskolleg.de\/en\/event\/workshop-muenchen-zentrum-historischer-forschung-collegium-carolinum-historisches-kolleg-historische-kommission-und-monumenta-germaniae-historica-im-21-jahrhundert\/\" \/>\n<meta property=\"og:site_name\" content=\"Historisches Kolleg\" \/>\n<meta property=\"article:modified_time\" content=\"2026-04-30T09:45:33+00:00\" \/>\n<meta property=\"og:image\" content=\"https:\/\/www.historischeskolleg.de\/app\/uploads\/2025\/10\/image00021.jpeg\" \/>\n\t<meta property=\"og:image:width\" content=\"2273\" \/>\n\t<meta property=\"og:image:height\" content=\"2560\" \/>\n\t<meta property=\"og:image:type\" content=\"image\/jpeg\" \/>\n<meta name=\"twitter:card\" content=\"summary_large_image\" \/>\n<meta name=\"twitter:label1\" content=\"Est. reading time\" \/>\n\t<meta name=\"twitter:data1\" content=\"2 minutes\" \/>\n<script type=\"application\/ld+json\" class=\"yoast-schema-graph\">{\"@context\":\"https:\\\/\\\/schema.org\",\"@graph\":[{\"@type\":\"WebPage\",\"@id\":\"https:\\\/\\\/www.historischeskolleg.de\\\/en\\\/event\\\/workshop-muenchen-zentrum-historischer-forschung-collegium-carolinum-historisches-kolleg-historische-kommission-und-monumenta-germaniae-historica-im-21-jahrhundert\\\/\",\"url\":\"https:\\\/\\\/www.historischeskolleg.de\\\/en\\\/event\\\/workshop-muenchen-zentrum-historischer-forschung-collegium-carolinum-historisches-kolleg-historische-kommission-und-monumenta-germaniae-historica-im-21-jahrhundert\\\/\",\"name\":\"Workshop: M\u00fcnchen \u2013 Zentrum historischer Forschung. Collegium Carolinum, Historisches Kolleg, Historische Kommission und Monumenta Germaniae Historica im 21. Jahrhundert - Historisches Kolleg Historisches Kolleg\",\"isPartOf\":{\"@id\":\"https:\\\/\\\/www.historischeskolleg.de\\\/en\\\/#website\"},\"primaryImageOfPage\":{\"@id\":\"https:\\\/\\\/www.historischeskolleg.de\\\/en\\\/event\\\/workshop-muenchen-zentrum-historischer-forschung-collegium-carolinum-historisches-kolleg-historische-kommission-und-monumenta-germaniae-historica-im-21-jahrhundert\\\/#primaryimage\"},\"image\":{\"@id\":\"https:\\\/\\\/www.historischeskolleg.de\\\/en\\\/event\\\/workshop-muenchen-zentrum-historischer-forschung-collegium-carolinum-historisches-kolleg-historische-kommission-und-monumenta-germaniae-historica-im-21-jahrhundert\\\/#primaryimage\"},\"thumbnailUrl\":\"https:\\\/\\\/www.historischeskolleg.de\\\/app\\\/uploads\\\/2025\\\/10\\\/image00021.jpeg\",\"datePublished\":\"2026-04-29T12:45:53+00:00\",\"dateModified\":\"2026-04-30T09:45:33+00:00\",\"breadcrumb\":{\"@id\":\"https:\\\/\\\/www.historischeskolleg.de\\\/en\\\/event\\\/workshop-muenchen-zentrum-historischer-forschung-collegium-carolinum-historisches-kolleg-historische-kommission-und-monumenta-germaniae-historica-im-21-jahrhundert\\\/#breadcrumb\"},\"inLanguage\":\"en-US\",\"potentialAction\":[{\"@type\":\"ReadAction\",\"target\":[\"https:\\\/\\\/www.historischeskolleg.de\\\/en\\\/event\\\/workshop-muenchen-zentrum-historischer-forschung-collegium-carolinum-historisches-kolleg-historische-kommission-und-monumenta-germaniae-historica-im-21-jahrhundert\\\/\"]}]},{\"@type\":\"ImageObject\",\"inLanguage\":\"en-US\",\"@id\":\"https:\\\/\\\/www.historischeskolleg.de\\\/en\\\/event\\\/workshop-muenchen-zentrum-historischer-forschung-collegium-carolinum-historisches-kolleg-historische-kommission-und-monumenta-germaniae-historica-im-21-jahrhundert\\\/#primaryimage\",\"url\":\"https:\\\/\\\/www.historischeskolleg.de\\\/app\\\/uploads\\\/2025\\\/10\\\/image00021.jpeg\",\"contentUrl\":\"https:\\\/\\\/www.historischeskolleg.de\\\/app\\\/uploads\\\/2025\\\/10\\\/image00021.jpeg\",\"width\":2273,\"height\":2560,\"caption\":\"Tabea Meurer, Juliane Hornung und G\u00fcnther Wassilowsky (v.r.n.l.)\"},{\"@type\":\"BreadcrumbList\",\"@id\":\"https:\\\/\\\/www.historischeskolleg.de\\\/en\\\/event\\\/workshop-muenchen-zentrum-historischer-forschung-collegium-carolinum-historisches-kolleg-historische-kommission-und-monumenta-germaniae-historica-im-21-jahrhundert\\\/#breadcrumb\",\"itemListElement\":[{\"@type\":\"ListItem\",\"position\":1,\"name\":\"Home\",\"item\":\"https:\\\/\\\/www.historischeskolleg.de\\\/en\\\/\"},{\"@type\":\"ListItem\",\"position\":2,\"name\":\"Workshop: M\u00fcnchen \u2013 Zentrum historischer Forschung. Collegium Carolinum, Historisches Kolleg, Historische Kommission und Monumenta Germaniae Historica im 21. Jahrhundert\"}]},{\"@type\":\"WebSite\",\"@id\":\"https:\\\/\\\/www.historischeskolleg.de\\\/en\\\/#website\",\"url\":\"https:\\\/\\\/www.historischeskolleg.de\\\/en\\\/\",\"name\":\"Historisches Kolleg\",\"description\":\"Institute for Advanced Study in History\",\"publisher\":{\"@id\":\"https:\\\/\\\/www.historischeskolleg.de\\\/en\\\/#organization\"},\"potentialAction\":[{\"@type\":\"SearchAction\",\"target\":{\"@type\":\"EntryPoint\",\"urlTemplate\":\"https:\\\/\\\/www.historischeskolleg.de\\\/en\\\/?s={search_term_string}\"},\"query-input\":{\"@type\":\"PropertyValueSpecification\",\"valueRequired\":true,\"valueName\":\"search_term_string\"}}],\"inLanguage\":\"en-US\"},{\"@type\":\"Organization\",\"@id\":\"https:\\\/\\\/www.historischeskolleg.de\\\/en\\\/#organization\",\"name\":\"Historisches Kolleg\",\"url\":\"https:\\\/\\\/www.historischeskolleg.de\\\/en\\\/\",\"logo\":{\"@type\":\"ImageObject\",\"inLanguage\":\"en-US\",\"@id\":\"https:\\\/\\\/www.historischeskolleg.de\\\/en\\\/#\\\/schema\\\/logo\\\/image\\\/\",\"url\":\"https:\\\/\\\/www.historischeskolleg.de\\\/app\\\/uploads\\\/2021\\\/07\\\/cropped-HK_Logo_quer_blau_mitZusatz_transparent.png\",\"contentUrl\":\"https:\\\/\\\/www.historischeskolleg.de\\\/app\\\/uploads\\\/2021\\\/07\\\/cropped-HK_Logo_quer_blau_mitZusatz_transparent.png\",\"width\":1300,\"height\":296,\"caption\":\"Historisches Kolleg\"},\"image\":{\"@id\":\"https:\\\/\\\/www.historischeskolleg.de\\\/en\\\/#\\\/schema\\\/logo\\\/image\\\/\"}}]}<\/script>\n<!-- \/ Yoast SEO plugin. -->","yoast_head_json":{"title":"Workshop: M\u00fcnchen \u2013 Zentrum historischer Forschung. Collegium Carolinum, Historisches Kolleg, Historische Kommission und Monumenta Germaniae Historica im 21. Jahrhundert - Historisches Kolleg Historisches Kolleg","robots":{"index":"index","follow":"follow","max-snippet":"max-snippet:-1","max-image-preview":"max-image-preview:large","max-video-preview":"max-video-preview:-1"},"canonical":"https:\/\/www.historischeskolleg.de\/en\/event\/workshop-muenchen-zentrum-historischer-forschung-collegium-carolinum-historisches-kolleg-historische-kommission-und-monumenta-germaniae-historica-im-21-jahrhundert\/","og_locale":"en_US","og_type":"article","og_title":"Workshop: M\u00fcnchen \u2013 Zentrum historischer Forschung. Collegium Carolinum, Historisches Kolleg, Historische Kommission und Monumenta Germaniae Historica im 21. Jahrhundert - Historisches Kolleg Historisches Kolleg","og_url":"https:\/\/www.historischeskolleg.de\/en\/event\/workshop-muenchen-zentrum-historischer-forschung-collegium-carolinum-historisches-kolleg-historische-kommission-und-monumenta-germaniae-historica-im-21-jahrhundert\/","og_site_name":"Historisches Kolleg","article_modified_time":"2026-04-30T09:45:33+00:00","og_image":[{"width":2273,"height":2560,"url":"https:\/\/www.historischeskolleg.de\/app\/uploads\/2025\/10\/image00021.jpeg","type":"image\/jpeg"}],"twitter_card":"summary_large_image","twitter_misc":{"Est. reading time":"2 minutes"},"schema":{"@context":"https:\/\/schema.org","@graph":[{"@type":"WebPage","@id":"https:\/\/www.historischeskolleg.de\/en\/event\/workshop-muenchen-zentrum-historischer-forschung-collegium-carolinum-historisches-kolleg-historische-kommission-und-monumenta-germaniae-historica-im-21-jahrhundert\/","url":"https:\/\/www.historischeskolleg.de\/en\/event\/workshop-muenchen-zentrum-historischer-forschung-collegium-carolinum-historisches-kolleg-historische-kommission-und-monumenta-germaniae-historica-im-21-jahrhundert\/","name":"Workshop: M\u00fcnchen \u2013 Zentrum historischer Forschung. Collegium Carolinum, Historisches Kolleg, Historische Kommission und Monumenta Germaniae Historica im 21. Jahrhundert - Historisches Kolleg Historisches Kolleg","isPartOf":{"@id":"https:\/\/www.historischeskolleg.de\/en\/#website"},"primaryImageOfPage":{"@id":"https:\/\/www.historischeskolleg.de\/en\/event\/workshop-muenchen-zentrum-historischer-forschung-collegium-carolinum-historisches-kolleg-historische-kommission-und-monumenta-germaniae-historica-im-21-jahrhundert\/#primaryimage"},"image":{"@id":"https:\/\/www.historischeskolleg.de\/en\/event\/workshop-muenchen-zentrum-historischer-forschung-collegium-carolinum-historisches-kolleg-historische-kommission-und-monumenta-germaniae-historica-im-21-jahrhundert\/#primaryimage"},"thumbnailUrl":"https:\/\/www.historischeskolleg.de\/app\/uploads\/2025\/10\/image00021.jpeg","datePublished":"2026-04-29T12:45:53+00:00","dateModified":"2026-04-30T09:45:33+00:00","breadcrumb":{"@id":"https:\/\/www.historischeskolleg.de\/en\/event\/workshop-muenchen-zentrum-historischer-forschung-collegium-carolinum-historisches-kolleg-historische-kommission-und-monumenta-germaniae-historica-im-21-jahrhundert\/#breadcrumb"},"inLanguage":"en-US","potentialAction":[{"@type":"ReadAction","target":["https:\/\/www.historischeskolleg.de\/en\/event\/workshop-muenchen-zentrum-historischer-forschung-collegium-carolinum-historisches-kolleg-historische-kommission-und-monumenta-germaniae-historica-im-21-jahrhundert\/"]}]},{"@type":"ImageObject","inLanguage":"en-US","@id":"https:\/\/www.historischeskolleg.de\/en\/event\/workshop-muenchen-zentrum-historischer-forschung-collegium-carolinum-historisches-kolleg-historische-kommission-und-monumenta-germaniae-historica-im-21-jahrhundert\/#primaryimage","url":"https:\/\/www.historischeskolleg.de\/app\/uploads\/2025\/10\/image00021.jpeg","contentUrl":"https:\/\/www.historischeskolleg.de\/app\/uploads\/2025\/10\/image00021.jpeg","width":2273,"height":2560,"caption":"Tabea Meurer, Juliane Hornung und G\u00fcnther Wassilowsky (v.r.n.l.)"},{"@type":"BreadcrumbList","@id":"https:\/\/www.historischeskolleg.de\/en\/event\/workshop-muenchen-zentrum-historischer-forschung-collegium-carolinum-historisches-kolleg-historische-kommission-und-monumenta-germaniae-historica-im-21-jahrhundert\/#breadcrumb","itemListElement":[{"@type":"ListItem","position":1,"name":"Home","item":"https:\/\/www.historischeskolleg.de\/en\/"},{"@type":"ListItem","position":2,"name":"Workshop: M\u00fcnchen \u2013 Zentrum historischer Forschung. Collegium Carolinum, Historisches Kolleg, Historische Kommission und Monumenta Germaniae Historica im 21. Jahrhundert"}]},{"@type":"WebSite","@id":"https:\/\/www.historischeskolleg.de\/en\/#website","url":"https:\/\/www.historischeskolleg.de\/en\/","name":"Historisches Kolleg","description":"Institute for Advanced Study in History","publisher":{"@id":"https:\/\/www.historischeskolleg.de\/en\/#organization"},"potentialAction":[{"@type":"SearchAction","target":{"@type":"EntryPoint","urlTemplate":"https:\/\/www.historischeskolleg.de\/en\/?s={search_term_string}"},"query-input":{"@type":"PropertyValueSpecification","valueRequired":true,"valueName":"search_term_string"}}],"inLanguage":"en-US"},{"@type":"Organization","@id":"https:\/\/www.historischeskolleg.de\/en\/#organization","name":"Historisches Kolleg","url":"https:\/\/www.historischeskolleg.de\/en\/","logo":{"@type":"ImageObject","inLanguage":"en-US","@id":"https:\/\/www.historischeskolleg.de\/en\/#\/schema\/logo\/image\/","url":"https:\/\/www.historischeskolleg.de\/app\/uploads\/2021\/07\/cropped-HK_Logo_quer_blau_mitZusatz_transparent.png","contentUrl":"https:\/\/www.historischeskolleg.de\/app\/uploads\/2021\/07\/cropped-HK_Logo_quer_blau_mitZusatz_transparent.png","width":1300,"height":296,"caption":"Historisches Kolleg"},"image":{"@id":"https:\/\/www.historischeskolleg.de\/en\/#\/schema\/logo\/image\/"}}]}},"_links":{"self":[{"href":"https:\/\/www.historischeskolleg.de\/en\/wp-json\/wp\/v2\/event_listing\/13510","targetHints":{"allow":["GET"]}}],"collection":[{"href":"https:\/\/www.historischeskolleg.de\/en\/wp-json\/wp\/v2\/event_listing"}],"about":[{"href":"https:\/\/www.historischeskolleg.de\/en\/wp-json\/wp\/v2\/types\/event_listing"}],"wp:featuredmedia":[{"embeddable":true,"href":"https:\/\/www.historischeskolleg.de\/en\/wp-json\/wp\/v2\/media\/12483"}],"wp:attachment":[{"href":"https:\/\/www.historischeskolleg.de\/en\/wp-json\/wp\/v2\/media?parent=13510"}],"wp:term":[{"taxonomy":"event_listing_category","embeddable":true,"href":"https:\/\/www.historischeskolleg.de\/en\/wp-json\/wp\/v2\/event_listing_category?post=13510"},{"taxonomy":"event_listing_type","embeddable":true,"href":"https:\/\/www.historischeskolleg.de\/en\/wp-json\/wp\/v2\/event_listing_type?post=13510"}],"curies":[{"name":"wp","href":"https:\/\/api.w.org\/{rel}","templated":true}]}}