{"id":12404,"date":"2025-09-03T10:11:39","date_gmt":"2025-09-03T08:11:39","guid":{"rendered":"https:\/\/www.historischeskolleg.de\/?post_type=event_listing&#038;p=12404"},"modified":"2026-03-30T09:19:22","modified_gmt":"2026-03-30T07:19:22","slug":"kulturgeschichte-als-globalgeschichte-perspektiven-der-forschung","status":"publish","type":"event_listing","link":"https:\/\/www.historischeskolleg.de\/en\/event\/kulturgeschichte-als-globalgeschichte-perspektiven-der-forschung\/","title":{"rendered":"Kulturgeschichte als Globalgeschichte: Perspektiven der Forschung"},"content":{"rendered":"\n<p><strong>Kolloquium von Prof. Dr. Ulinka Rublack<\/strong><\/p>\n\n\n\n<p>Die Globalgeschichte hat seit den 1970er-Jahren stark an Bedeutung gewonnen \u2013 wie J\u00fcrgen Osterhammel und Stefanie G\u00e4nger k\u00fcrzlich formulierten, war die Globalgeschichte in den 1980er und 90er Jahren ein Versprechen, w\u00e4hrend sie heute eine ganze Bibliothek ausf\u00fcllt. Diese Tagung zielt darauf ab, einen weiteren Band hinzuzuf\u00fcgen, um das Fachgebiet zu reflektieren und weiterzuentwickeln, indem sie sich auf die entscheidende Bewertung kulturhistorischer Ans\u00e4tze zur Globalgeschichte konzentriert. Wirtschaftliche Dimensionen, wie in der Debatte um die \u201eGreat Divergence\u201c, haben bisher oft die Diskussionen \u00fcber globalhistorischen Wandel dominiert. Doch die Frage, wie kulturelle Praktiken und Ideen Unterschiede und Gemeinsamkeiten hervorbrachten, ist ebenso bedeutsam. Einer der vorherrschenden Topoi der Modernisierung ist, dass sie weltweit zu einer gr\u00f6\u00dferen Homogenit\u00e4t kultureller Ausdrucksformen gef\u00fchrt habe. Doch ist dies tats\u00e4chlich der Fall, und wie werden Konzepte von Homogenit\u00e4t und Heterogenit\u00e4t in der Geschichtsschreibung konstruiert? Was verstehen die wichtigsten Darstellungen der Globalgeschichte unter \u201eKultur\u201c, und was h\u00e4ngt von der Entscheidung ab, den Fokus auf UNESCO-Welterbest\u00e4tten als Bausteine vergangener Kulturen zu legen, oder auf Kunstformen wie die Oper, auf Wissen und Sammelpraktiken, oder auf allt\u00e4gliche Sinneswahrnehmungen, K\u00f6rperkulturen oder Dingkulturen, die Gesellschaften reproduzieren? Wie ist es Historiker*innen der globalen Kultur gelungen, dem Vorwurf des \u201eKonnektivismus\u201c zu entgehen? Welche Diskussionen \u00fcber Vergleichbarkeit und Kausalit\u00e4t waren am fruchtbarsten? Lassen sich menschliche Praktiken und Erfahrungen am besten durch \u201eglobale Mikrogeschichten\u201c erfassen?<\/p>\n\n\n\n<p>Die Konferenz und der daraus resultierende Sammelband werden pr\u00e4gnante Diskussionen zu diesen Fragen bieten, gef\u00fchrt von f\u00fchrenden Fachleuten auf diesem Gebiet. Dar\u00fcber hinaus werden sie dar\u00fcber reflektieren, welche Disziplinen und Methoden an Relevanz gewinnen, um Kulturgeschichte als Weltgeschichte zu betreiben. <\/p>\n\n\n\n<p><a href=\"https:\/\/www.historischeskolleg.de\/app\/uploads\/2026\/03\/Kolloquium_Rublack_Programm.pdf\">Programm<\/a><\/p>\n\n\n\n<p>Eine Teilnahme an der Veranstaltung ist nur nach best\u00e4tigter&nbsp;<a href=\"mailto:elisabeth.huels@historischeskolleg.de\">Anmeldung&nbsp;<\/a>m\u00f6glich. Der Zugang zum Haus ist nicht barrierefrei.<\/p>\n\n\n\n<p>Die Veranstaltungen werden mit Foto und Video dokumentiert. Mit Ihrer Teilnahme erkl\u00e4ren Sie sich mit der Aufzeichnung und deren Nutzung im Rahmen der \u00d6ffentlichkeitsarbeit des Historischen Kollegs einverstanden.<\/p>\n","protected":false},"featured_media":12405,"template":"","meta":[],"event_listing_category":[],"event_listing_type":[83],"class_list":["post-12404","event_listing","type-event_listing","status-publish","has-post-thumbnail","hentry","event_listing_type-kolloquium"],"acf":[],"yoast_head":"<!-- This site is optimized with the Yoast SEO plugin v27.3 - https:\/\/yoast.com\/product\/yoast-seo-wordpress\/ -->\n<title>Kulturgeschichte als Globalgeschichte: Perspektiven der Forschung - Historisches Kolleg<\/title>\n<meta name=\"robots\" content=\"index, follow, max-snippet:-1, max-image-preview:large, max-video-preview:-1\" \/>\n<link rel=\"canonical\" href=\"https:\/\/www.historischeskolleg.de\/en\/event\/kulturgeschichte-als-globalgeschichte-perspektiven-der-forschung\/\" \/>\n<meta property=\"og:locale\" content=\"en_US\" \/>\n<meta property=\"og:type\" content=\"article\" \/>\n<meta property=\"og:title\" content=\"Kulturgeschichte als Globalgeschichte: Perspektiven der Forschung - Historisches Kolleg\" \/>\n<meta property=\"og:url\" content=\"https:\/\/www.historischeskolleg.de\/en\/event\/kulturgeschichte-als-globalgeschichte-perspektiven-der-forschung\/\" \/>\n<meta property=\"og:site_name\" content=\"Historisches Kolleg\" \/>\n<meta property=\"article:modified_time\" content=\"2026-03-30T07:19:22+00:00\" \/>\n<meta property=\"og:image\" content=\"https:\/\/www.historischeskolleg.de\/app\/uploads\/2025\/09\/image00015.jpeg\" \/>\n\t<meta property=\"og:image:width\" content=\"2560\" \/>\n\t<meta property=\"og:image:height\" content=\"1920\" \/>\n\t<meta property=\"og:image:type\" content=\"image\/jpeg\" \/>\n<meta name=\"twitter:card\" content=\"summary_large_image\" \/>\n<meta name=\"twitter:label1\" content=\"Est. reading time\" \/>\n\t<meta name=\"twitter:data1\" content=\"2 minutes\" \/>\n<script type=\"application\/ld+json\" class=\"yoast-schema-graph\">{\"@context\":\"https:\\\/\\\/schema.org\",\"@graph\":[{\"@type\":\"WebPage\",\"@id\":\"https:\\\/\\\/www.historischeskolleg.de\\\/en\\\/event\\\/kulturgeschichte-als-globalgeschichte-perspektiven-der-forschung\\\/\",\"url\":\"https:\\\/\\\/www.historischeskolleg.de\\\/en\\\/event\\\/kulturgeschichte-als-globalgeschichte-perspektiven-der-forschung\\\/\",\"name\":\"Kulturgeschichte als Globalgeschichte: Perspektiven der Forschung - Historisches Kolleg\",\"isPartOf\":{\"@id\":\"https:\\\/\\\/www.historischeskolleg.de\\\/en\\\/#website\"},\"primaryImageOfPage\":{\"@id\":\"https:\\\/\\\/www.historischeskolleg.de\\\/en\\\/event\\\/kulturgeschichte-als-globalgeschichte-perspektiven-der-forschung\\\/#primaryimage\"},\"image\":{\"@id\":\"https:\\\/\\\/www.historischeskolleg.de\\\/en\\\/event\\\/kulturgeschichte-als-globalgeschichte-perspektiven-der-forschung\\\/#primaryimage\"},\"thumbnailUrl\":\"https:\\\/\\\/www.historischeskolleg.de\\\/app\\\/uploads\\\/2025\\\/09\\\/image00015.jpeg\",\"datePublished\":\"2025-09-03T08:11:39+00:00\",\"dateModified\":\"2026-03-30T07:19:22+00:00\",\"breadcrumb\":{\"@id\":\"https:\\\/\\\/www.historischeskolleg.de\\\/en\\\/event\\\/kulturgeschichte-als-globalgeschichte-perspektiven-der-forschung\\\/#breadcrumb\"},\"inLanguage\":\"en-US\",\"potentialAction\":[{\"@type\":\"ReadAction\",\"target\":[\"https:\\\/\\\/www.historischeskolleg.de\\\/en\\\/event\\\/kulturgeschichte-als-globalgeschichte-perspektiven-der-forschung\\\/\"]}]},{\"@type\":\"ImageObject\",\"inLanguage\":\"en-US\",\"@id\":\"https:\\\/\\\/www.historischeskolleg.de\\\/en\\\/event\\\/kulturgeschichte-als-globalgeschichte-perspektiven-der-forschung\\\/#primaryimage\",\"url\":\"https:\\\/\\\/www.historischeskolleg.de\\\/app\\\/uploads\\\/2025\\\/09\\\/image00015.jpeg\",\"contentUrl\":\"https:\\\/\\\/www.historischeskolleg.de\\\/app\\\/uploads\\\/2025\\\/09\\\/image00015.jpeg\",\"width\":2560,\"height\":1920},{\"@type\":\"BreadcrumbList\",\"@id\":\"https:\\\/\\\/www.historischeskolleg.de\\\/en\\\/event\\\/kulturgeschichte-als-globalgeschichte-perspektiven-der-forschung\\\/#breadcrumb\",\"itemListElement\":[{\"@type\":\"ListItem\",\"position\":1,\"name\":\"Home\",\"item\":\"https:\\\/\\\/www.historischeskolleg.de\\\/en\\\/\"},{\"@type\":\"ListItem\",\"position\":2,\"name\":\"Kulturgeschichte als Globalgeschichte: Perspektiven der Forschung\"}]},{\"@type\":\"WebSite\",\"@id\":\"https:\\\/\\\/www.historischeskolleg.de\\\/en\\\/#website\",\"url\":\"https:\\\/\\\/www.historischeskolleg.de\\\/en\\\/\",\"name\":\"Historisches Kolleg\",\"description\":\"Institute for Advanced Study in History\",\"publisher\":{\"@id\":\"https:\\\/\\\/www.historischeskolleg.de\\\/en\\\/#organization\"},\"potentialAction\":[{\"@type\":\"SearchAction\",\"target\":{\"@type\":\"EntryPoint\",\"urlTemplate\":\"https:\\\/\\\/www.historischeskolleg.de\\\/en\\\/?s={search_term_string}\"},\"query-input\":{\"@type\":\"PropertyValueSpecification\",\"valueRequired\":true,\"valueName\":\"search_term_string\"}}],\"inLanguage\":\"en-US\"},{\"@type\":\"Organization\",\"@id\":\"https:\\\/\\\/www.historischeskolleg.de\\\/en\\\/#organization\",\"name\":\"Historisches Kolleg\",\"url\":\"https:\\\/\\\/www.historischeskolleg.de\\\/en\\\/\",\"logo\":{\"@type\":\"ImageObject\",\"inLanguage\":\"en-US\",\"@id\":\"https:\\\/\\\/www.historischeskolleg.de\\\/en\\\/#\\\/schema\\\/logo\\\/image\\\/\",\"url\":\"https:\\\/\\\/www.historischeskolleg.de\\\/app\\\/uploads\\\/2021\\\/07\\\/cropped-HK_Logo_quer_blau_mitZusatz_transparent.png\",\"contentUrl\":\"https:\\\/\\\/www.historischeskolleg.de\\\/app\\\/uploads\\\/2021\\\/07\\\/cropped-HK_Logo_quer_blau_mitZusatz_transparent.png\",\"width\":1300,\"height\":296,\"caption\":\"Historisches Kolleg\"},\"image\":{\"@id\":\"https:\\\/\\\/www.historischeskolleg.de\\\/en\\\/#\\\/schema\\\/logo\\\/image\\\/\"}}]}<\/script>\n<!-- \/ Yoast SEO plugin. -->","yoast_head_json":{"title":"Kulturgeschichte als Globalgeschichte: Perspektiven der Forschung - Historisches Kolleg","robots":{"index":"index","follow":"follow","max-snippet":"max-snippet:-1","max-image-preview":"max-image-preview:large","max-video-preview":"max-video-preview:-1"},"canonical":"https:\/\/www.historischeskolleg.de\/en\/event\/kulturgeschichte-als-globalgeschichte-perspektiven-der-forschung\/","og_locale":"en_US","og_type":"article","og_title":"Kulturgeschichte als Globalgeschichte: Perspektiven der Forschung - Historisches Kolleg","og_url":"https:\/\/www.historischeskolleg.de\/en\/event\/kulturgeschichte-als-globalgeschichte-perspektiven-der-forschung\/","og_site_name":"Historisches Kolleg","article_modified_time":"2026-03-30T07:19:22+00:00","og_image":[{"width":2560,"height":1920,"url":"https:\/\/www.historischeskolleg.de\/app\/uploads\/2025\/09\/image00015.jpeg","type":"image\/jpeg"}],"twitter_card":"summary_large_image","twitter_misc":{"Est. reading time":"2 minutes"},"schema":{"@context":"https:\/\/schema.org","@graph":[{"@type":"WebPage","@id":"https:\/\/www.historischeskolleg.de\/en\/event\/kulturgeschichte-als-globalgeschichte-perspektiven-der-forschung\/","url":"https:\/\/www.historischeskolleg.de\/en\/event\/kulturgeschichte-als-globalgeschichte-perspektiven-der-forschung\/","name":"Kulturgeschichte als Globalgeschichte: Perspektiven der Forschung - Historisches Kolleg","isPartOf":{"@id":"https:\/\/www.historischeskolleg.de\/en\/#website"},"primaryImageOfPage":{"@id":"https:\/\/www.historischeskolleg.de\/en\/event\/kulturgeschichte-als-globalgeschichte-perspektiven-der-forschung\/#primaryimage"},"image":{"@id":"https:\/\/www.historischeskolleg.de\/en\/event\/kulturgeschichte-als-globalgeschichte-perspektiven-der-forschung\/#primaryimage"},"thumbnailUrl":"https:\/\/www.historischeskolleg.de\/app\/uploads\/2025\/09\/image00015.jpeg","datePublished":"2025-09-03T08:11:39+00:00","dateModified":"2026-03-30T07:19:22+00:00","breadcrumb":{"@id":"https:\/\/www.historischeskolleg.de\/en\/event\/kulturgeschichte-als-globalgeschichte-perspektiven-der-forschung\/#breadcrumb"},"inLanguage":"en-US","potentialAction":[{"@type":"ReadAction","target":["https:\/\/www.historischeskolleg.de\/en\/event\/kulturgeschichte-als-globalgeschichte-perspektiven-der-forschung\/"]}]},{"@type":"ImageObject","inLanguage":"en-US","@id":"https:\/\/www.historischeskolleg.de\/en\/event\/kulturgeschichte-als-globalgeschichte-perspektiven-der-forschung\/#primaryimage","url":"https:\/\/www.historischeskolleg.de\/app\/uploads\/2025\/09\/image00015.jpeg","contentUrl":"https:\/\/www.historischeskolleg.de\/app\/uploads\/2025\/09\/image00015.jpeg","width":2560,"height":1920},{"@type":"BreadcrumbList","@id":"https:\/\/www.historischeskolleg.de\/en\/event\/kulturgeschichte-als-globalgeschichte-perspektiven-der-forschung\/#breadcrumb","itemListElement":[{"@type":"ListItem","position":1,"name":"Home","item":"https:\/\/www.historischeskolleg.de\/en\/"},{"@type":"ListItem","position":2,"name":"Kulturgeschichte als Globalgeschichte: Perspektiven der Forschung"}]},{"@type":"WebSite","@id":"https:\/\/www.historischeskolleg.de\/en\/#website","url":"https:\/\/www.historischeskolleg.de\/en\/","name":"Historisches Kolleg","description":"Institute for Advanced Study in History","publisher":{"@id":"https:\/\/www.historischeskolleg.de\/en\/#organization"},"potentialAction":[{"@type":"SearchAction","target":{"@type":"EntryPoint","urlTemplate":"https:\/\/www.historischeskolleg.de\/en\/?s={search_term_string}"},"query-input":{"@type":"PropertyValueSpecification","valueRequired":true,"valueName":"search_term_string"}}],"inLanguage":"en-US"},{"@type":"Organization","@id":"https:\/\/www.historischeskolleg.de\/en\/#organization","name":"Historisches Kolleg","url":"https:\/\/www.historischeskolleg.de\/en\/","logo":{"@type":"ImageObject","inLanguage":"en-US","@id":"https:\/\/www.historischeskolleg.de\/en\/#\/schema\/logo\/image\/","url":"https:\/\/www.historischeskolleg.de\/app\/uploads\/2021\/07\/cropped-HK_Logo_quer_blau_mitZusatz_transparent.png","contentUrl":"https:\/\/www.historischeskolleg.de\/app\/uploads\/2021\/07\/cropped-HK_Logo_quer_blau_mitZusatz_transparent.png","width":1300,"height":296,"caption":"Historisches Kolleg"},"image":{"@id":"https:\/\/www.historischeskolleg.de\/en\/#\/schema\/logo\/image\/"}}]}},"_links":{"self":[{"href":"https:\/\/www.historischeskolleg.de\/en\/wp-json\/wp\/v2\/event_listing\/12404","targetHints":{"allow":["GET"]}}],"collection":[{"href":"https:\/\/www.historischeskolleg.de\/en\/wp-json\/wp\/v2\/event_listing"}],"about":[{"href":"https:\/\/www.historischeskolleg.de\/en\/wp-json\/wp\/v2\/types\/event_listing"}],"wp:featuredmedia":[{"embeddable":true,"href":"https:\/\/www.historischeskolleg.de\/en\/wp-json\/wp\/v2\/media\/12405"}],"wp:attachment":[{"href":"https:\/\/www.historischeskolleg.de\/en\/wp-json\/wp\/v2\/media?parent=12404"}],"wp:term":[{"taxonomy":"event_listing_category","embeddable":true,"href":"https:\/\/www.historischeskolleg.de\/en\/wp-json\/wp\/v2\/event_listing_category?post=12404"},{"taxonomy":"event_listing_type","embeddable":true,"href":"https:\/\/www.historischeskolleg.de\/en\/wp-json\/wp\/v2\/event_listing_type?post=12404"}],"curies":[{"name":"wp","href":"https:\/\/api.w.org\/{rel}","templated":true}]}}