{"id":12399,"date":"2025-09-03T09:51:05","date_gmt":"2025-09-03T07:51:05","guid":{"rendered":"https:\/\/www.historischeskolleg.de\/?post_type=event_listing&#038;p=12399"},"modified":"2026-03-18T00:33:33","modified_gmt":"2026-03-17T23:33:33","slug":"liebe-in-gefangenschaft-oder-warum-das-stockholm-syndrom-in-den-1970er-und-nicht-in-den-1870er-jahren-erfunden-wurde","status":"expired","type":"event_listing","link":"https:\/\/www.historischeskolleg.de\/en\/event\/liebe-in-gefangenschaft-oder-warum-das-stockholm-syndrom-in-den-1970er-und-nicht-in-den-1870er-jahren-erfunden-wurde\/","title":{"rendered":"&#8220;Liebe&#8221; in Gefangenschaft, oder: Warum das Stockholm Syndrom in den 1970er- und nicht in den 1870er-Jahren erfunden wurde"},"content":{"rendered":"\n<p><strong>Vortrag von Dr. Juliane Hornung<\/strong><\/p>\n\n\n\n<p>Vor 50 Jahren \u00fcberfielen zwei Kleinkriminelle eine Bank in Stockholm und nahmen vier Angestellte als Geiseln \u2013 die sich angeblich in ihre Kidnapper verliebten. Psychiater in den USA und Europa machten daraus das aufsehenerregende &#8220;Stockholm Syndrom&#8221;, das noch heute Stoff f\u00fcr Spielfilme und Netflixserien bietet. Wie sehr diese Diagnose allerdings ein Kind der krisenhaften 1970er-Jahre war, zeigt ein Blick zur\u00fcck ins 19. Jahrhundert, als das emotionale Band zwischen Entf\u00fchrern und Entf\u00fchrten niemanden irritierte. Der Vortrag historisiert die Art und Weise, wie sich im Laufe von 100 Jahren der Umgang mit Entf\u00fchrungsopfern \u00e4nderte und welche gesellschaftlichen Debatten sich darin widerspiegeln.<\/p>\n\n\n\n<p>Einlass ist ab 18.30 Uhr bis maximal zum Veranstaltungsbeginn. Die Zahl der Sitzpl\u00e4tze ist begrenzt. Der Zugang zum Haus ist nicht barrierefrei.<\/p>\n\n\n\n<p>Die Veranstaltungen werden mit Foto und Video dokumentiert. Mit Ihrer Teilnahme erkl\u00e4ren Sie sich mit der Aufzeichnung und deren Nutzung im Rahmen der \u00d6ffentlichkeitsarbeit des Historischen Kollegs einverstanden.<\/p>\n","protected":false},"featured_media":12344,"template":"","meta":[],"event_listing_category":[],"event_listing_type":[82],"class_list":["post-12399","event_listing","type-event_listing","status-expired","has-post-thumbnail","hentry","event_listing_type-vortrag"],"acf":[],"yoast_head":"<!-- This site is optimized with the Yoast SEO plugin v27.3 - https:\/\/yoast.com\/product\/yoast-seo-wordpress\/ -->\n<title>&quot;Liebe&quot; in Gefangenschaft, oder: Warum das Stockholm Syndrom in den 1970er- und nicht in den 1870er-Jahren erfunden wurde - Historisches Kolleg<\/title>\n<meta name=\"robots\" content=\"index, follow, max-snippet:-1, max-image-preview:large, max-video-preview:-1\" \/>\n<link rel=\"canonical\" href=\"https:\/\/www.historischeskolleg.de\/en\/event\/liebe-in-gefangenschaft-oder-warum-das-stockholm-syndrom-in-den-1970er-und-nicht-in-den-1870er-jahren-erfunden-wurde\/\" \/>\n<meta property=\"og:locale\" content=\"en_US\" \/>\n<meta property=\"og:type\" content=\"article\" \/>\n<meta property=\"og:title\" content=\"&quot;Liebe&quot; in Gefangenschaft, oder: Warum das Stockholm Syndrom in den 1970er- und nicht in den 1870er-Jahren erfunden wurde - Historisches Kolleg\" \/>\n<meta property=\"og:url\" content=\"https:\/\/www.historischeskolleg.de\/en\/event\/liebe-in-gefangenschaft-oder-warum-das-stockholm-syndrom-in-den-1970er-und-nicht-in-den-1870er-jahren-erfunden-wurde\/\" \/>\n<meta property=\"og:site_name\" content=\"Historisches Kolleg\" \/>\n<meta property=\"article:modified_time\" content=\"2026-03-17T23:33:33+00:00\" \/>\n<meta property=\"og:image\" content=\"https:\/\/www.historischeskolleg.de\/app\/uploads\/2025\/07\/image00045.jpeg\" \/>\n\t<meta property=\"og:image:width\" content=\"1920\" \/>\n\t<meta property=\"og:image:height\" content=\"2560\" \/>\n\t<meta property=\"og:image:type\" content=\"image\/jpeg\" \/>\n<meta name=\"twitter:card\" content=\"summary_large_image\" \/>\n<meta name=\"twitter:label1\" content=\"Est. reading time\" \/>\n\t<meta name=\"twitter:data1\" content=\"2 minutes\" \/>\n<script type=\"application\/ld+json\" class=\"yoast-schema-graph\">{\"@context\":\"https:\\\/\\\/schema.org\",\"@graph\":[{\"@type\":\"WebPage\",\"@id\":\"https:\\\/\\\/www.historischeskolleg.de\\\/en\\\/event\\\/liebe-in-gefangenschaft-oder-warum-das-stockholm-syndrom-in-den-1970er-und-nicht-in-den-1870er-jahren-erfunden-wurde\\\/\",\"url\":\"https:\\\/\\\/www.historischeskolleg.de\\\/en\\\/event\\\/liebe-in-gefangenschaft-oder-warum-das-stockholm-syndrom-in-den-1970er-und-nicht-in-den-1870er-jahren-erfunden-wurde\\\/\",\"name\":\"\\\"Liebe\\\" in Gefangenschaft, oder: Warum das Stockholm Syndrom in den 1970er- und nicht in den 1870er-Jahren erfunden wurde - Historisches Kolleg\",\"isPartOf\":{\"@id\":\"https:\\\/\\\/www.historischeskolleg.de\\\/en\\\/#website\"},\"primaryImageOfPage\":{\"@id\":\"https:\\\/\\\/www.historischeskolleg.de\\\/en\\\/event\\\/liebe-in-gefangenschaft-oder-warum-das-stockholm-syndrom-in-den-1970er-und-nicht-in-den-1870er-jahren-erfunden-wurde\\\/#primaryimage\"},\"image\":{\"@id\":\"https:\\\/\\\/www.historischeskolleg.de\\\/en\\\/event\\\/liebe-in-gefangenschaft-oder-warum-das-stockholm-syndrom-in-den-1970er-und-nicht-in-den-1870er-jahren-erfunden-wurde\\\/#primaryimage\"},\"thumbnailUrl\":\"https:\\\/\\\/www.historischeskolleg.de\\\/app\\\/uploads\\\/2025\\\/07\\\/image00045.jpeg\",\"datePublished\":\"2025-09-03T07:51:05+00:00\",\"dateModified\":\"2026-03-17T23:33:33+00:00\",\"breadcrumb\":{\"@id\":\"https:\\\/\\\/www.historischeskolleg.de\\\/en\\\/event\\\/liebe-in-gefangenschaft-oder-warum-das-stockholm-syndrom-in-den-1970er-und-nicht-in-den-1870er-jahren-erfunden-wurde\\\/#breadcrumb\"},\"inLanguage\":\"en-US\",\"potentialAction\":[{\"@type\":\"ReadAction\",\"target\":[\"https:\\\/\\\/www.historischeskolleg.de\\\/en\\\/event\\\/liebe-in-gefangenschaft-oder-warum-das-stockholm-syndrom-in-den-1970er-und-nicht-in-den-1870er-jahren-erfunden-wurde\\\/\"]}]},{\"@type\":\"ImageObject\",\"inLanguage\":\"en-US\",\"@id\":\"https:\\\/\\\/www.historischeskolleg.de\\\/en\\\/event\\\/liebe-in-gefangenschaft-oder-warum-das-stockholm-syndrom-in-den-1970er-und-nicht-in-den-1870er-jahren-erfunden-wurde\\\/#primaryimage\",\"url\":\"https:\\\/\\\/www.historischeskolleg.de\\\/app\\\/uploads\\\/2025\\\/07\\\/image00045.jpeg\",\"contentUrl\":\"https:\\\/\\\/www.historischeskolleg.de\\\/app\\\/uploads\\\/2025\\\/07\\\/image00045.jpeg\",\"width\":1920,\"height\":2560},{\"@type\":\"BreadcrumbList\",\"@id\":\"https:\\\/\\\/www.historischeskolleg.de\\\/en\\\/event\\\/liebe-in-gefangenschaft-oder-warum-das-stockholm-syndrom-in-den-1970er-und-nicht-in-den-1870er-jahren-erfunden-wurde\\\/#breadcrumb\",\"itemListElement\":[{\"@type\":\"ListItem\",\"position\":1,\"name\":\"Home\",\"item\":\"https:\\\/\\\/www.historischeskolleg.de\\\/en\\\/\"},{\"@type\":\"ListItem\",\"position\":2,\"name\":\"&#8222;Liebe&#8220; in Gefangenschaft, oder: Warum das Stockholm Syndrom in den 1970er- und nicht in den 1870er-Jahren erfunden wurde\"}]},{\"@type\":\"WebSite\",\"@id\":\"https:\\\/\\\/www.historischeskolleg.de\\\/en\\\/#website\",\"url\":\"https:\\\/\\\/www.historischeskolleg.de\\\/en\\\/\",\"name\":\"Historisches Kolleg\",\"description\":\"Institute for Advanced Study in History\",\"publisher\":{\"@id\":\"https:\\\/\\\/www.historischeskolleg.de\\\/en\\\/#organization\"},\"potentialAction\":[{\"@type\":\"SearchAction\",\"target\":{\"@type\":\"EntryPoint\",\"urlTemplate\":\"https:\\\/\\\/www.historischeskolleg.de\\\/en\\\/?s={search_term_string}\"},\"query-input\":{\"@type\":\"PropertyValueSpecification\",\"valueRequired\":true,\"valueName\":\"search_term_string\"}}],\"inLanguage\":\"en-US\"},{\"@type\":\"Organization\",\"@id\":\"https:\\\/\\\/www.historischeskolleg.de\\\/en\\\/#organization\",\"name\":\"Historisches Kolleg\",\"url\":\"https:\\\/\\\/www.historischeskolleg.de\\\/en\\\/\",\"logo\":{\"@type\":\"ImageObject\",\"inLanguage\":\"en-US\",\"@id\":\"https:\\\/\\\/www.historischeskolleg.de\\\/en\\\/#\\\/schema\\\/logo\\\/image\\\/\",\"url\":\"https:\\\/\\\/www.historischeskolleg.de\\\/app\\\/uploads\\\/2021\\\/07\\\/cropped-HK_Logo_quer_blau_mitZusatz_transparent.png\",\"contentUrl\":\"https:\\\/\\\/www.historischeskolleg.de\\\/app\\\/uploads\\\/2021\\\/07\\\/cropped-HK_Logo_quer_blau_mitZusatz_transparent.png\",\"width\":1300,\"height\":296,\"caption\":\"Historisches Kolleg\"},\"image\":{\"@id\":\"https:\\\/\\\/www.historischeskolleg.de\\\/en\\\/#\\\/schema\\\/logo\\\/image\\\/\"}}]}<\/script>\n<!-- \/ Yoast SEO plugin. -->","yoast_head_json":{"title":"\"Liebe\" in Gefangenschaft, oder: Warum das Stockholm Syndrom in den 1970er- und nicht in den 1870er-Jahren erfunden wurde - Historisches Kolleg","robots":{"index":"index","follow":"follow","max-snippet":"max-snippet:-1","max-image-preview":"max-image-preview:large","max-video-preview":"max-video-preview:-1"},"canonical":"https:\/\/www.historischeskolleg.de\/en\/event\/liebe-in-gefangenschaft-oder-warum-das-stockholm-syndrom-in-den-1970er-und-nicht-in-den-1870er-jahren-erfunden-wurde\/","og_locale":"en_US","og_type":"article","og_title":"\"Liebe\" in Gefangenschaft, oder: Warum das Stockholm Syndrom in den 1970er- und nicht in den 1870er-Jahren erfunden wurde - Historisches Kolleg","og_url":"https:\/\/www.historischeskolleg.de\/en\/event\/liebe-in-gefangenschaft-oder-warum-das-stockholm-syndrom-in-den-1970er-und-nicht-in-den-1870er-jahren-erfunden-wurde\/","og_site_name":"Historisches Kolleg","article_modified_time":"2026-03-17T23:33:33+00:00","og_image":[{"width":1920,"height":2560,"url":"https:\/\/www.historischeskolleg.de\/app\/uploads\/2025\/07\/image00045.jpeg","type":"image\/jpeg"}],"twitter_card":"summary_large_image","twitter_misc":{"Est. reading time":"2 minutes"},"schema":{"@context":"https:\/\/schema.org","@graph":[{"@type":"WebPage","@id":"https:\/\/www.historischeskolleg.de\/en\/event\/liebe-in-gefangenschaft-oder-warum-das-stockholm-syndrom-in-den-1970er-und-nicht-in-den-1870er-jahren-erfunden-wurde\/","url":"https:\/\/www.historischeskolleg.de\/en\/event\/liebe-in-gefangenschaft-oder-warum-das-stockholm-syndrom-in-den-1970er-und-nicht-in-den-1870er-jahren-erfunden-wurde\/","name":"\"Liebe\" in Gefangenschaft, oder: Warum das Stockholm Syndrom in den 1970er- und nicht in den 1870er-Jahren erfunden wurde - Historisches Kolleg","isPartOf":{"@id":"https:\/\/www.historischeskolleg.de\/en\/#website"},"primaryImageOfPage":{"@id":"https:\/\/www.historischeskolleg.de\/en\/event\/liebe-in-gefangenschaft-oder-warum-das-stockholm-syndrom-in-den-1970er-und-nicht-in-den-1870er-jahren-erfunden-wurde\/#primaryimage"},"image":{"@id":"https:\/\/www.historischeskolleg.de\/en\/event\/liebe-in-gefangenschaft-oder-warum-das-stockholm-syndrom-in-den-1970er-und-nicht-in-den-1870er-jahren-erfunden-wurde\/#primaryimage"},"thumbnailUrl":"https:\/\/www.historischeskolleg.de\/app\/uploads\/2025\/07\/image00045.jpeg","datePublished":"2025-09-03T07:51:05+00:00","dateModified":"2026-03-17T23:33:33+00:00","breadcrumb":{"@id":"https:\/\/www.historischeskolleg.de\/en\/event\/liebe-in-gefangenschaft-oder-warum-das-stockholm-syndrom-in-den-1970er-und-nicht-in-den-1870er-jahren-erfunden-wurde\/#breadcrumb"},"inLanguage":"en-US","potentialAction":[{"@type":"ReadAction","target":["https:\/\/www.historischeskolleg.de\/en\/event\/liebe-in-gefangenschaft-oder-warum-das-stockholm-syndrom-in-den-1970er-und-nicht-in-den-1870er-jahren-erfunden-wurde\/"]}]},{"@type":"ImageObject","inLanguage":"en-US","@id":"https:\/\/www.historischeskolleg.de\/en\/event\/liebe-in-gefangenschaft-oder-warum-das-stockholm-syndrom-in-den-1970er-und-nicht-in-den-1870er-jahren-erfunden-wurde\/#primaryimage","url":"https:\/\/www.historischeskolleg.de\/app\/uploads\/2025\/07\/image00045.jpeg","contentUrl":"https:\/\/www.historischeskolleg.de\/app\/uploads\/2025\/07\/image00045.jpeg","width":1920,"height":2560},{"@type":"BreadcrumbList","@id":"https:\/\/www.historischeskolleg.de\/en\/event\/liebe-in-gefangenschaft-oder-warum-das-stockholm-syndrom-in-den-1970er-und-nicht-in-den-1870er-jahren-erfunden-wurde\/#breadcrumb","itemListElement":[{"@type":"ListItem","position":1,"name":"Home","item":"https:\/\/www.historischeskolleg.de\/en\/"},{"@type":"ListItem","position":2,"name":"&#8222;Liebe&#8220; in Gefangenschaft, oder: Warum das Stockholm Syndrom in den 1970er- und nicht in den 1870er-Jahren erfunden wurde"}]},{"@type":"WebSite","@id":"https:\/\/www.historischeskolleg.de\/en\/#website","url":"https:\/\/www.historischeskolleg.de\/en\/","name":"Historisches Kolleg","description":"Institute for Advanced Study in History","publisher":{"@id":"https:\/\/www.historischeskolleg.de\/en\/#organization"},"potentialAction":[{"@type":"SearchAction","target":{"@type":"EntryPoint","urlTemplate":"https:\/\/www.historischeskolleg.de\/en\/?s={search_term_string}"},"query-input":{"@type":"PropertyValueSpecification","valueRequired":true,"valueName":"search_term_string"}}],"inLanguage":"en-US"},{"@type":"Organization","@id":"https:\/\/www.historischeskolleg.de\/en\/#organization","name":"Historisches Kolleg","url":"https:\/\/www.historischeskolleg.de\/en\/","logo":{"@type":"ImageObject","inLanguage":"en-US","@id":"https:\/\/www.historischeskolleg.de\/en\/#\/schema\/logo\/image\/","url":"https:\/\/www.historischeskolleg.de\/app\/uploads\/2021\/07\/cropped-HK_Logo_quer_blau_mitZusatz_transparent.png","contentUrl":"https:\/\/www.historischeskolleg.de\/app\/uploads\/2021\/07\/cropped-HK_Logo_quer_blau_mitZusatz_transparent.png","width":1300,"height":296,"caption":"Historisches Kolleg"},"image":{"@id":"https:\/\/www.historischeskolleg.de\/en\/#\/schema\/logo\/image\/"}}]}},"_links":{"self":[{"href":"https:\/\/www.historischeskolleg.de\/en\/wp-json\/wp\/v2\/event_listing\/12399","targetHints":{"allow":["GET"]}}],"collection":[{"href":"https:\/\/www.historischeskolleg.de\/en\/wp-json\/wp\/v2\/event_listing"}],"about":[{"href":"https:\/\/www.historischeskolleg.de\/en\/wp-json\/wp\/v2\/types\/event_listing"}],"wp:featuredmedia":[{"embeddable":true,"href":"https:\/\/www.historischeskolleg.de\/en\/wp-json\/wp\/v2\/media\/12344"}],"wp:attachment":[{"href":"https:\/\/www.historischeskolleg.de\/en\/wp-json\/wp\/v2\/media?parent=12399"}],"wp:term":[{"taxonomy":"event_listing_category","embeddable":true,"href":"https:\/\/www.historischeskolleg.de\/en\/wp-json\/wp\/v2\/event_listing_category?post=12399"},{"taxonomy":"event_listing_type","embeddable":true,"href":"https:\/\/www.historischeskolleg.de\/en\/wp-json\/wp\/v2\/event_listing_type?post=12399"}],"curies":[{"name":"wp","href":"https:\/\/api.w.org\/{rel}","templated":true}]}}