{"id":12398,"date":"2025-09-03T09:46:27","date_gmt":"2025-09-03T07:46:27","guid":{"rendered":"https:\/\/www.historischeskolleg.de\/?post_type=event_listing&#038;p=12398"},"modified":"2026-02-25T00:34:05","modified_gmt":"2026-02-24T23:34:05","slug":"unzureichende-biografien-deutsche-arbeiterinnen-als-arbeitsvertragsbruechige-im-zweiten-weltkrieg","status":"expired","type":"event_listing","link":"https:\/\/www.historischeskolleg.de\/en\/event\/unzureichende-biografien-deutsche-arbeiterinnen-als-arbeitsvertragsbruechige-im-zweiten-weltkrieg\/","title":{"rendered":"Unzureichende Biografien: Deutsche Arbeiterinnen als &#8220;Arbeitsvertragsbr\u00fcchige&#8221; im Zweiten Weltkrieg"},"content":{"rendered":"\n<p><strong>Vortrag von Prof. Dr. Elizabeth Harvey, Einf\u00fchrung von Prof. Dr. Johannes H\u00fcrter<\/strong><\/p>\n\n\n\n<p>Verst\u00f6\u00dfe gegen die Arbeitsdisziplin \u2013 z.B. das unerlaubte Fernbleiben vom Arbeitsplatz \u2013 waren schon vor dem Zweiten Weltkrieg vom nationalsozialistischen Regime zur Straftat deklariert. Im Verlauf des Kriegs wurden diese Delikte von der Strafjustiz und der Gestapo versch\u00e4rft geahndet. Unter den deutschen &#8220;Arbeitsvertragsbr\u00fcchigen&#8221;, die von der Strafjustiz verfolgt wurden, war der steigende Anteil von Frauen auff\u00e4llig. Routinem\u00e4\u00dfig wurden sie zu Haftstrafen verurteilt. In diesem Vortrag stehen Gefangenenakten von verurteilten \u201aArbeitsbummelantinnen\u2018 im Mittelpunkt. Es geht zum einen darum, wie die NS-Kontrollinstanzen stereotype Defizite in den Biografien dieser Frauen konstruierten, zum anderen um die M\u00f6glichkeit, anhand solcher Quellen die Arbeitsverh\u00e4ltnisse und Strategien von deutschen Arbeiterinnen im Krieg auszuleuchten.<\/p>\n\n\n\n<p>Einlass ist ab 18.30 Uhr bis maximal zum Veranstaltungsbeginn. Die Zahl der Sitzpl\u00e4tze ist begrenzt. Der Zugang zum Haus ist nicht barrierefrei.<\/p>\n\n\n\n<p>Die Veranstaltungen werden mit Foto und Video dokumentiert. Mit Ihrer Teilnahme erkl\u00e4ren Sie sich mit der Aufzeichnung und deren Nutzung im Rahmen der \u00d6ffentlichkeitsarbeit des Historischen Kollegs einverstanden.<\/p>\n","protected":false},"featured_media":11101,"template":"","meta":[],"event_listing_category":[],"event_listing_type":[82],"class_list":["post-12398","event_listing","type-event_listing","status-expired","has-post-thumbnail","hentry","event_listing_type-vortrag"],"acf":[],"yoast_head":"<!-- This site is optimized with the Yoast SEO plugin v27.3 - https:\/\/yoast.com\/product\/yoast-seo-wordpress\/ -->\n<title>Unzureichende Biografien: Deutsche Arbeiterinnen als &quot;Arbeitsvertragsbr\u00fcchige&quot; im Zweiten Weltkrieg - Historisches Kolleg<\/title>\n<meta name=\"robots\" content=\"index, follow, max-snippet:-1, max-image-preview:large, max-video-preview:-1\" \/>\n<link rel=\"canonical\" href=\"https:\/\/www.historischeskolleg.de\/en\/event\/unzureichende-biografien-deutsche-arbeiterinnen-als-arbeitsvertragsbruechige-im-zweiten-weltkrieg\/\" \/>\n<meta property=\"og:locale\" content=\"en_US\" \/>\n<meta property=\"og:type\" content=\"article\" \/>\n<meta property=\"og:title\" content=\"Unzureichende Biografien: Deutsche Arbeiterinnen als &quot;Arbeitsvertragsbr\u00fcchige&quot; im Zweiten Weltkrieg - Historisches Kolleg\" \/>\n<meta property=\"og:url\" content=\"https:\/\/www.historischeskolleg.de\/en\/event\/unzureichende-biografien-deutsche-arbeiterinnen-als-arbeitsvertragsbruechige-im-zweiten-weltkrieg\/\" \/>\n<meta property=\"og:site_name\" content=\"Historisches Kolleg\" \/>\n<meta property=\"article:modified_time\" content=\"2026-02-24T23:34:05+00:00\" \/>\n<meta property=\"og:image\" content=\"https:\/\/www.historischeskolleg.de\/app\/uploads\/2024\/04\/image00001_zugeschnitten-scaled.jpg\" \/>\n\t<meta property=\"og:image:width\" content=\"2560\" \/>\n\t<meta property=\"og:image:height\" content=\"1586\" \/>\n\t<meta property=\"og:image:type\" content=\"image\/jpeg\" \/>\n<meta name=\"twitter:card\" content=\"summary_large_image\" \/>\n<meta name=\"twitter:label1\" content=\"Est. reading time\" \/>\n\t<meta name=\"twitter:data1\" content=\"2 minutes\" \/>\n<script type=\"application\/ld+json\" class=\"yoast-schema-graph\">{\"@context\":\"https:\\\/\\\/schema.org\",\"@graph\":[{\"@type\":\"WebPage\",\"@id\":\"https:\\\/\\\/www.historischeskolleg.de\\\/en\\\/event\\\/unzureichende-biografien-deutsche-arbeiterinnen-als-arbeitsvertragsbruechige-im-zweiten-weltkrieg\\\/\",\"url\":\"https:\\\/\\\/www.historischeskolleg.de\\\/en\\\/event\\\/unzureichende-biografien-deutsche-arbeiterinnen-als-arbeitsvertragsbruechige-im-zweiten-weltkrieg\\\/\",\"name\":\"Unzureichende Biografien: Deutsche Arbeiterinnen als \\\"Arbeitsvertragsbr\u00fcchige\\\" im Zweiten Weltkrieg - Historisches Kolleg\",\"isPartOf\":{\"@id\":\"https:\\\/\\\/www.historischeskolleg.de\\\/en\\\/#website\"},\"primaryImageOfPage\":{\"@id\":\"https:\\\/\\\/www.historischeskolleg.de\\\/en\\\/event\\\/unzureichende-biografien-deutsche-arbeiterinnen-als-arbeitsvertragsbruechige-im-zweiten-weltkrieg\\\/#primaryimage\"},\"image\":{\"@id\":\"https:\\\/\\\/www.historischeskolleg.de\\\/en\\\/event\\\/unzureichende-biografien-deutsche-arbeiterinnen-als-arbeitsvertragsbruechige-im-zweiten-weltkrieg\\\/#primaryimage\"},\"thumbnailUrl\":\"https:\\\/\\\/www.historischeskolleg.de\\\/app\\\/uploads\\\/2024\\\/04\\\/image00001_zugeschnitten-scaled.jpg\",\"datePublished\":\"2025-09-03T07:46:27+00:00\",\"dateModified\":\"2026-02-24T23:34:05+00:00\",\"breadcrumb\":{\"@id\":\"https:\\\/\\\/www.historischeskolleg.de\\\/en\\\/event\\\/unzureichende-biografien-deutsche-arbeiterinnen-als-arbeitsvertragsbruechige-im-zweiten-weltkrieg\\\/#breadcrumb\"},\"inLanguage\":\"en-US\",\"potentialAction\":[{\"@type\":\"ReadAction\",\"target\":[\"https:\\\/\\\/www.historischeskolleg.de\\\/en\\\/event\\\/unzureichende-biografien-deutsche-arbeiterinnen-als-arbeitsvertragsbruechige-im-zweiten-weltkrieg\\\/\"]}]},{\"@type\":\"ImageObject\",\"inLanguage\":\"en-US\",\"@id\":\"https:\\\/\\\/www.historischeskolleg.de\\\/en\\\/event\\\/unzureichende-biografien-deutsche-arbeiterinnen-als-arbeitsvertragsbruechige-im-zweiten-weltkrieg\\\/#primaryimage\",\"url\":\"https:\\\/\\\/www.historischeskolleg.de\\\/app\\\/uploads\\\/2024\\\/04\\\/image00001_zugeschnitten-scaled.jpg\",\"contentUrl\":\"https:\\\/\\\/www.historischeskolleg.de\\\/app\\\/uploads\\\/2024\\\/04\\\/image00001_zugeschnitten-scaled.jpg\",\"width\":2560,\"height\":1586},{\"@type\":\"BreadcrumbList\",\"@id\":\"https:\\\/\\\/www.historischeskolleg.de\\\/en\\\/event\\\/unzureichende-biografien-deutsche-arbeiterinnen-als-arbeitsvertragsbruechige-im-zweiten-weltkrieg\\\/#breadcrumb\",\"itemListElement\":[{\"@type\":\"ListItem\",\"position\":1,\"name\":\"Home\",\"item\":\"https:\\\/\\\/www.historischeskolleg.de\\\/en\\\/\"},{\"@type\":\"ListItem\",\"position\":2,\"name\":\"Unzureichende Biografien: Deutsche Arbeiterinnen als &#8222;Arbeitsvertragsbr\u00fcchige&#8220; im Zweiten Weltkrieg\"}]},{\"@type\":\"WebSite\",\"@id\":\"https:\\\/\\\/www.historischeskolleg.de\\\/en\\\/#website\",\"url\":\"https:\\\/\\\/www.historischeskolleg.de\\\/en\\\/\",\"name\":\"Historisches Kolleg\",\"description\":\"Institute for Advanced Study in History\",\"publisher\":{\"@id\":\"https:\\\/\\\/www.historischeskolleg.de\\\/en\\\/#organization\"},\"potentialAction\":[{\"@type\":\"SearchAction\",\"target\":{\"@type\":\"EntryPoint\",\"urlTemplate\":\"https:\\\/\\\/www.historischeskolleg.de\\\/en\\\/?s={search_term_string}\"},\"query-input\":{\"@type\":\"PropertyValueSpecification\",\"valueRequired\":true,\"valueName\":\"search_term_string\"}}],\"inLanguage\":\"en-US\"},{\"@type\":\"Organization\",\"@id\":\"https:\\\/\\\/www.historischeskolleg.de\\\/en\\\/#organization\",\"name\":\"Historisches Kolleg\",\"url\":\"https:\\\/\\\/www.historischeskolleg.de\\\/en\\\/\",\"logo\":{\"@type\":\"ImageObject\",\"inLanguage\":\"en-US\",\"@id\":\"https:\\\/\\\/www.historischeskolleg.de\\\/en\\\/#\\\/schema\\\/logo\\\/image\\\/\",\"url\":\"https:\\\/\\\/www.historischeskolleg.de\\\/app\\\/uploads\\\/2021\\\/07\\\/cropped-HK_Logo_quer_blau_mitZusatz_transparent.png\",\"contentUrl\":\"https:\\\/\\\/www.historischeskolleg.de\\\/app\\\/uploads\\\/2021\\\/07\\\/cropped-HK_Logo_quer_blau_mitZusatz_transparent.png\",\"width\":1300,\"height\":296,\"caption\":\"Historisches Kolleg\"},\"image\":{\"@id\":\"https:\\\/\\\/www.historischeskolleg.de\\\/en\\\/#\\\/schema\\\/logo\\\/image\\\/\"}}]}<\/script>\n<!-- \/ Yoast SEO plugin. -->","yoast_head_json":{"title":"Unzureichende Biografien: Deutsche Arbeiterinnen als \"Arbeitsvertragsbr\u00fcchige\" im Zweiten Weltkrieg - Historisches Kolleg","robots":{"index":"index","follow":"follow","max-snippet":"max-snippet:-1","max-image-preview":"max-image-preview:large","max-video-preview":"max-video-preview:-1"},"canonical":"https:\/\/www.historischeskolleg.de\/en\/event\/unzureichende-biografien-deutsche-arbeiterinnen-als-arbeitsvertragsbruechige-im-zweiten-weltkrieg\/","og_locale":"en_US","og_type":"article","og_title":"Unzureichende Biografien: Deutsche Arbeiterinnen als \"Arbeitsvertragsbr\u00fcchige\" im Zweiten Weltkrieg - Historisches Kolleg","og_url":"https:\/\/www.historischeskolleg.de\/en\/event\/unzureichende-biografien-deutsche-arbeiterinnen-als-arbeitsvertragsbruechige-im-zweiten-weltkrieg\/","og_site_name":"Historisches Kolleg","article_modified_time":"2026-02-24T23:34:05+00:00","og_image":[{"width":2560,"height":1586,"url":"https:\/\/www.historischeskolleg.de\/app\/uploads\/2024\/04\/image00001_zugeschnitten-scaled.jpg","type":"image\/jpeg"}],"twitter_card":"summary_large_image","twitter_misc":{"Est. reading time":"2 minutes"},"schema":{"@context":"https:\/\/schema.org","@graph":[{"@type":"WebPage","@id":"https:\/\/www.historischeskolleg.de\/en\/event\/unzureichende-biografien-deutsche-arbeiterinnen-als-arbeitsvertragsbruechige-im-zweiten-weltkrieg\/","url":"https:\/\/www.historischeskolleg.de\/en\/event\/unzureichende-biografien-deutsche-arbeiterinnen-als-arbeitsvertragsbruechige-im-zweiten-weltkrieg\/","name":"Unzureichende Biografien: Deutsche Arbeiterinnen als \"Arbeitsvertragsbr\u00fcchige\" im Zweiten Weltkrieg - Historisches Kolleg","isPartOf":{"@id":"https:\/\/www.historischeskolleg.de\/en\/#website"},"primaryImageOfPage":{"@id":"https:\/\/www.historischeskolleg.de\/en\/event\/unzureichende-biografien-deutsche-arbeiterinnen-als-arbeitsvertragsbruechige-im-zweiten-weltkrieg\/#primaryimage"},"image":{"@id":"https:\/\/www.historischeskolleg.de\/en\/event\/unzureichende-biografien-deutsche-arbeiterinnen-als-arbeitsvertragsbruechige-im-zweiten-weltkrieg\/#primaryimage"},"thumbnailUrl":"https:\/\/www.historischeskolleg.de\/app\/uploads\/2024\/04\/image00001_zugeschnitten-scaled.jpg","datePublished":"2025-09-03T07:46:27+00:00","dateModified":"2026-02-24T23:34:05+00:00","breadcrumb":{"@id":"https:\/\/www.historischeskolleg.de\/en\/event\/unzureichende-biografien-deutsche-arbeiterinnen-als-arbeitsvertragsbruechige-im-zweiten-weltkrieg\/#breadcrumb"},"inLanguage":"en-US","potentialAction":[{"@type":"ReadAction","target":["https:\/\/www.historischeskolleg.de\/en\/event\/unzureichende-biografien-deutsche-arbeiterinnen-als-arbeitsvertragsbruechige-im-zweiten-weltkrieg\/"]}]},{"@type":"ImageObject","inLanguage":"en-US","@id":"https:\/\/www.historischeskolleg.de\/en\/event\/unzureichende-biografien-deutsche-arbeiterinnen-als-arbeitsvertragsbruechige-im-zweiten-weltkrieg\/#primaryimage","url":"https:\/\/www.historischeskolleg.de\/app\/uploads\/2024\/04\/image00001_zugeschnitten-scaled.jpg","contentUrl":"https:\/\/www.historischeskolleg.de\/app\/uploads\/2024\/04\/image00001_zugeschnitten-scaled.jpg","width":2560,"height":1586},{"@type":"BreadcrumbList","@id":"https:\/\/www.historischeskolleg.de\/en\/event\/unzureichende-biografien-deutsche-arbeiterinnen-als-arbeitsvertragsbruechige-im-zweiten-weltkrieg\/#breadcrumb","itemListElement":[{"@type":"ListItem","position":1,"name":"Home","item":"https:\/\/www.historischeskolleg.de\/en\/"},{"@type":"ListItem","position":2,"name":"Unzureichende Biografien: Deutsche Arbeiterinnen als &#8222;Arbeitsvertragsbr\u00fcchige&#8220; im Zweiten Weltkrieg"}]},{"@type":"WebSite","@id":"https:\/\/www.historischeskolleg.de\/en\/#website","url":"https:\/\/www.historischeskolleg.de\/en\/","name":"Historisches Kolleg","description":"Institute for Advanced Study in History","publisher":{"@id":"https:\/\/www.historischeskolleg.de\/en\/#organization"},"potentialAction":[{"@type":"SearchAction","target":{"@type":"EntryPoint","urlTemplate":"https:\/\/www.historischeskolleg.de\/en\/?s={search_term_string}"},"query-input":{"@type":"PropertyValueSpecification","valueRequired":true,"valueName":"search_term_string"}}],"inLanguage":"en-US"},{"@type":"Organization","@id":"https:\/\/www.historischeskolleg.de\/en\/#organization","name":"Historisches Kolleg","url":"https:\/\/www.historischeskolleg.de\/en\/","logo":{"@type":"ImageObject","inLanguage":"en-US","@id":"https:\/\/www.historischeskolleg.de\/en\/#\/schema\/logo\/image\/","url":"https:\/\/www.historischeskolleg.de\/app\/uploads\/2021\/07\/cropped-HK_Logo_quer_blau_mitZusatz_transparent.png","contentUrl":"https:\/\/www.historischeskolleg.de\/app\/uploads\/2021\/07\/cropped-HK_Logo_quer_blau_mitZusatz_transparent.png","width":1300,"height":296,"caption":"Historisches Kolleg"},"image":{"@id":"https:\/\/www.historischeskolleg.de\/en\/#\/schema\/logo\/image\/"}}]}},"_links":{"self":[{"href":"https:\/\/www.historischeskolleg.de\/en\/wp-json\/wp\/v2\/event_listing\/12398","targetHints":{"allow":["GET"]}}],"collection":[{"href":"https:\/\/www.historischeskolleg.de\/en\/wp-json\/wp\/v2\/event_listing"}],"about":[{"href":"https:\/\/www.historischeskolleg.de\/en\/wp-json\/wp\/v2\/types\/event_listing"}],"wp:featuredmedia":[{"embeddable":true,"href":"https:\/\/www.historischeskolleg.de\/en\/wp-json\/wp\/v2\/media\/11101"}],"wp:attachment":[{"href":"https:\/\/www.historischeskolleg.de\/en\/wp-json\/wp\/v2\/media?parent=12398"}],"wp:term":[{"taxonomy":"event_listing_category","embeddable":true,"href":"https:\/\/www.historischeskolleg.de\/en\/wp-json\/wp\/v2\/event_listing_category?post=12398"},{"taxonomy":"event_listing_type","embeddable":true,"href":"https:\/\/www.historischeskolleg.de\/en\/wp-json\/wp\/v2\/event_listing_type?post=12398"}],"curies":[{"name":"wp","href":"https:\/\/api.w.org\/{rel}","templated":true}]}}